{"id":4437,"date":"2016-09-30T11:54:29","date_gmt":"2016-09-30T09:54:29","guid":{"rendered":"https:\/\/www.bocairent.org\/?page_id=4437"},"modified":"2026-04-07T12:27:38","modified_gmt":"2026-04-07T10:27:38","slug":"on-menjar","status":"publish","type":"page","link":"https:\/\/www.bocairent.org\/ca\/on-menjar\/","title":{"rendered":"On menjar"},"content":{"rendered":"<div class=\"promo_box\" ><a href=\"https:\/\/www.bocairent.org\/ca\/canal-experiencies\/\" class=\"button\">veure<\/a><h5>Consulta tamb\u00e9 les EXPERI\u00c8NCIES GASTRON\u00d2MIQUES<\/h5><\/div>\n<p>&nbsp;<\/p>\n<div class=\"one_third\">\n<p><strong>RESTAURANT EL CANCELL<\/strong><br \/>\nCuina tradicional i de mercat<br \/>\nSor Piedad de la Cruz, 3<br \/>\nTel: 960 200 506<br \/>\n<a href=\"http:\/\/www.elcancell.com\" target=\"_blank\" rel=\"noopener\">www.elcancell.com<\/a><\/p>\n<p><strong>RESTAURANT HOTEL L\u2019ESTACI\u00d3<\/strong><br \/>\nParc de l\u2019Estaci\u00f3, s\/n<br \/>\nEspecialitat en carns a la pedra<br \/>\nTel. 962 350 000<br \/>\n<a href=\"http:\/\/www.hotelestacio.com\" target=\"_blank\" rel=\"noopener\">www.hotelestacio.com<\/a><\/p>\n<p><strong>BAR RESTAURANT LA FORASTERA<\/strong><br \/>\nCuina tradicional<br \/>\nAv. Espanya, s\/n<br \/>\nTel. 623 60 77 33<\/p>\n<p><strong>BAR RESTAURANT LA ROTONDA<\/strong><br \/>\nC\/ Fiol\u00f2sof Montllor s\/n<br \/>\nCuina tradicional<br \/>\nTel. 962 905 215<\/p>\n<p><strong>BAR RESTAURANT C\u00c0MPING MARIOLA<\/strong><br \/>\nCtra. Bocairent-Alcoi, km 9<br \/>\nCuina tradicional<br \/>\nTel. 962 135 161<\/p>\n<\/div>\n<div class=\"one_third\">\n<p><strong>RESTAURANT EL RAVALET<\/strong><br \/>\nC\/ Bisbe Mir\u00f3, 10<br \/>\nTel. 860 900 267 \/\/ 604 433 248<\/p>\n<p><strong>RESTAURANT\u00a0MES\u00d3N GANDIA<br \/>\n<\/strong>C\/Moss\u00e9n Hilari 18<br \/>\nTel. 962 351 118 &#8211; 621 266 883<\/p>\n<p><strong>BAR SOLBES<\/strong><br \/>\nPl. Joan de Joanes, 11<br \/>\nTapes, plats combinats i cuina aut\u00f2ctona<br \/>\nTel. 962 350 108<\/p>\n<p><strong>CASA ROSA<\/strong><br \/>\nC\/ Sant Roc, 2<br \/>\nTorrades, tapes i cuina vegana<br \/>\nTel. 699 877 221<\/p>\n<p><strong>BAR SIF\u00d3<\/strong><br \/>\nC\/ Sant Roc,\u00a0 10<br \/>\nEntrepans, plats combinats i tapes<br \/>\nTel. 962 350 294<\/p>\n<p><strong>CERVESERIA VICENTET<\/strong><br \/>\nC\/ Val\u00e8ncia, 1<br \/>\nMen\u00fa diari, entrepans\u00a0i plats combinats<br \/>\nTel: 635 296 755<\/p>\n<\/div>\n<div class=\"one_third last\">\n<p><strong>BAR\u00a0L&#8217;ALJUB<\/strong><br \/>\nC\/ Baixada del Tint, s\/n<br \/>\nTel: 686 466 932<\/p>\n<p><strong>CAFETERIA LA GELA<\/strong><br \/>\nC\/ Santa \u00c1gueda, s\/n<br \/>\nTapes i\u00a0gelats<br \/>\nTel. 96 290 50 90<\/p>\n<p><strong>CAFETERIA LES COVES<\/strong><br \/>\nPl. Ajuntament, 7<br \/>\nTel. 962 905 091<\/p>\n<p><strong>TASCA L&#8217;ARC<\/strong><br \/>\nPl. de l&#8217;Ajuntament, 14<br \/>\nTel. 962 350 561<\/p>\n<p><strong>BAR-CAFETERIA JARANA<\/strong><br \/>\nPl. de l&#8217;Ajuntament, 10<br \/>\nTel. 665 125 579<\/p>\n<p><strong>BAR-RESTAURANTE CHIMO<\/strong><br \/>\nPl. Ajuntament, 18<br \/>\nTel. 604 433 248<br \/>\nTel. Fijo: 860 900 267<\/p>\n<\/div>\n","protected":false},"excerpt":{"rendered":"<p>&nbsp;<\/p>\n","protected":false},"author":1,"featured_media":7506,"parent":0,"menu_order":0,"comment_status":"closed","ping_status":"closed","template":"page_f.php","meta":{"footnotes":""},"class_list":["post-4437","page","type-page","status-publish","has-post-thumbnail","hentry"],"_links":{"self":[{"href":"https:\/\/www.bocairent.org\/ca\/wp-json\/wp\/v2\/pages\/4437","targetHints":{"allow":["GET"]}}],"collection":[{"href":"https:\/\/www.bocairent.org\/ca\/wp-json\/wp\/v2\/pages"}],"about":[{"href":"https:\/\/www.bocairent.org\/ca\/wp-json\/wp\/v2\/types\/page"}],"author":[{"embeddable":true,"href":"https:\/\/www.bocairent.org\/ca\/wp-json\/wp\/v2\/users\/1"}],"replies":[{"embeddable":true,"href":"https:\/\/www.bocairent.org\/ca\/wp-json\/wp\/v2\/comments?post=4437"}],"version-history":[{"count":30,"href":"https:\/\/www.bocairent.org\/ca\/wp-json\/wp\/v2\/pages\/4437\/revisions"}],"predecessor-version":[{"id":13342,"href":"https:\/\/www.bocairent.org\/ca\/wp-json\/wp\/v2\/pages\/4437\/revisions\/13342"}],"wp:featuredmedia":[{"embeddable":true,"href":"https:\/\/www.bocairent.org\/ca\/wp-json\/wp\/v2\/media\/7506"}],"wp:attachment":[{"href":"https:\/\/www.bocairent.org\/ca\/wp-json\/wp\/v2\/media?parent=4437"}],"curies":[{"name":"wp","href":"https:\/\/api.w.org\/{rel}","templated":true}]}}